{"id":4836,"date":"2022-01-23T22:02:41","date_gmt":"2022-01-23T21:02:41","guid":{"rendered":"https:\/\/blackstar-mersch.lu\/?page_id=4836"},"modified":"2022-01-23T22:02:41","modified_gmt":"2022-01-23T21:02:41","slug":"de-comite-seet-merci-dem-marcy-a-romain-besenius","status":"publish","type":"page","link":"https:\/\/blackstar-mersch.lu\/?page_id=4836","title":{"rendered":"De Comit\u00e9 seet Merci, dem Marcy a Romain Besenius"},"content":{"rendered":"\n<p><\/p>\n\n\n\n<div class=\"wp-block-image\"><figure class=\"aligncenter size-large is-resized\"><a href=\"https:\/\/blackstar-mersch.lu\/wp-content\/uploads\/2022\/01\/remerci1.jpg\"><img loading=\"lazy\" src=\"https:\/\/blackstar-mersch.lu\/wp-content\/uploads\/2022\/01\/remerci1-1024x682.jpg\" alt=\"\" class=\"wp-image-4837\" width=\"589\" height=\"392\" srcset=\"https:\/\/blackstar-mersch.lu\/wp-content\/uploads\/2022\/01\/remerci1-1024x682.jpg 1024w, https:\/\/blackstar-mersch.lu\/wp-content\/uploads\/2022\/01\/remerci1-300x200.jpg 300w, https:\/\/blackstar-mersch.lu\/wp-content\/uploads\/2022\/01\/remerci1-768x512.jpg 768w, https:\/\/blackstar-mersch.lu\/wp-content\/uploads\/2022\/01\/remerci1-1536x1023.jpg 1536w, https:\/\/blackstar-mersch.lu\/wp-content\/uploads\/2022\/01\/remerci1.jpg 1600w\" sizes=\"(max-width: 589px) 100vw, 589px\" \/><\/a><\/figure><\/div>\n\n\n\n<p><\/p>\n\n\n\n<p class=\"has-black-color has-text-color has-normal-font-size\">Nom Match vun eiser H\u00e4renekipp den 21.1, huet de Comit\u00e9 vum Black Star 2 ganz ale Compagnon\u00a0de Route\u00a0vum Black Star Merci gesot. De Romain Besenius an d\u2019Marcy Dahm-Besenius hu w\u00e9i kee aneren an de leschten\u00a018 Joer de Ver\u00e4i\u00a0mat op hire Sch\u00ebllere gedroen.<\/p>\n\n\n\n<p class=\"has-black-color has-text-color has-normal-font-size\">De Romain an d\u2019Marcy hunn eng laang Karri\u00e4r am Basket, mat Statiounen zu Dikrech, an der Fiels an zu Hiefenech&nbsp;ier se op Miersch komm sinn.<\/p>\n\n\n\n<p class=\"has-black-color has-text-color has-normal-font-size\">Alleb\u00e9id sinn\u00a0si\u00a02004 bei de Black Star komm a s\u00e4it\u00a0dem waren se an alle Funktiounen\u00a0aktiv. De <strong>Romain Besenius<\/strong> war 2004 an 2008 Jugendtrainer an de verschiddene\u00a0Kategorien. An der Saison 2008-2009 war hien Assistant Coach bei der H\u00e4renekipp \u00ebnnert dem Headcoach Rainer Kloss. Ab 2012 a bis 2020 war hien er\u00ebm\u00a0Jugendtrainer. De Romain war vun 2006 bis 2008 an der Jugendkommissioun vum Black Star an ass 2007 Directeur sportif vum Ver\u00e4i\u00a0ginn. Dat ass en och bliwwe\u00a0bis 2020. An d\u00e4r Z\u00e4it\u00a0war hien och am Comit\u00e9 vum Traditiounsver\u00e4in. Als Directeur sportif huet de Romain vun al Match eng Videodokumentatioun gemaach d\u00e9i de Coach an d\u2019Spiller sech konnten ab dem Dag\u00a0nom Match ukucke\u00a0fir sech weiderz\u00ebentw\u00e9ckelen.<\/p>\n\n\n\n<p class=\"has-black-color has-text-color has-normal-font-size\">D\u2019<strong>Marcy Dahm-Besenius<\/strong> war grad\u00a0sou intensiv iwwert al d\u00e9i Jore verbonne mam Black Star. T\u00ebschent 2004 an 2020 huet d\u2018Marcy an deene meeschte Saisonen Ekippen train\u00e9iert, d\u2019Cadetten, d\u2019Dames B an och d\u00e9i ganz jonk Memberen, d\u2019Poussins, Pr\u00e9poussins an de Babybasket. D\u2019Marcy war w\u00e9i de Romain t\u00ebschent 2006 an 2008 an der Jugendkommissioun, als Sekret\u00e4rin. Ab 2006 war d\u2019Marcy am Comit\u00e9 vum Black Star an ab 2007, a bis 2020, Sekret\u00e4rin vu Ver\u00e4in. Do niewendrun gouf et all d\u00e9i aner Aufgaben, de Bou, d\u2019Auer, d\u2019Statistiken, d\u2019W\u00e4sch vun der H\u00e4renekipp\u00a0no al Match.<\/p>\n\n\n\n<p class=\"has-black-color has-text-color has-normal-font-size\">Jiddereen dee Basket spillt oder sech an engem Ver\u00e4in&nbsp;engag\u00e9iert, weess&nbsp;wat dat do bedeit. Stonnen a Stonnen al Woch, al Weekend fir de Ver\u00e4in, an dat iwwer Joren, \u00ebmmer do, s\u00e4i&nbsp;Liewen zum Deel organis\u00e9ieren en fonction vum Kalenner vum Championnat an den Ekippen.<\/p>\n\n\n\n<p class=\"has-black-color has-text-color has-normal-font-size\">Ouni de Romain&nbsp;an d\u2019Marcy h\u00e4tt de Black Star Mersch an de Jore&nbsp;s\u00e4it&nbsp;2004 net sou k\u00ebnne bestoe&nbsp;w\u00e9i dat Fall war. Niewent villen anere Benevollen&nbsp;d\u00e9i alleguer hiert b\u00e4igedroen&nbsp;hunn, hunn&nbsp;si&nbsp;de Ver\u00e4i&nbsp;mat op hire Sch\u00ebllere gedroen.<\/p>\n\n\n\n<p class=\"has-black-color has-text-color has-normal-font-size\">Dofir wollt de Comit\u00e9 hinnen e Merci ausdr\u00e9cken. Et war e klenge Cadeau den net an der Relatioun steet mat dem wat si geleescht hunn, mee den awer&nbsp;d\u2019Dankbarkeet vum aktuelle Comit\u00e9 ausdr\u00e9ckt fir d\u00e9i Aarbecht d\u00e9i gemaach gouf.<\/p>\n\n\n\n<p class=\"has-black-color has-text-color has-normal-font-size\"><strong>Merci Romain, merci Marcy !<\/strong><\/p>\n\n\n\n<p><\/p>\n\n\n\n<p><\/p>\n\n\n\n<div class=\"wp-block-image\"><figure class=\"aligncenter size-large is-resized\"><a href=\"https:\/\/blackstar-mersch.lu\/wp-content\/uploads\/2022\/01\/remerc2-1.jpg\"><img loading=\"lazy\" src=\"https:\/\/blackstar-mersch.lu\/wp-content\/uploads\/2022\/01\/remerc2-1-1024x682.jpg\" alt=\"\" class=\"wp-image-4842\" width=\"512\" height=\"341\" srcset=\"https:\/\/blackstar-mersch.lu\/wp-content\/uploads\/2022\/01\/remerc2-1-1024x682.jpg 1024w, https:\/\/blackstar-mersch.lu\/wp-content\/uploads\/2022\/01\/remerc2-1-300x200.jpg 300w, https:\/\/blackstar-mersch.lu\/wp-content\/uploads\/2022\/01\/remerc2-1-768x512.jpg 768w, https:\/\/blackstar-mersch.lu\/wp-content\/uploads\/2022\/01\/remerc2-1-1536x1023.jpg 1536w, https:\/\/blackstar-mersch.lu\/wp-content\/uploads\/2022\/01\/remerc2-1.jpg 1600w\" sizes=\"(max-width: 512px) 100vw, 512px\" \/><\/a><\/figure><\/div>\n","protected":false},"excerpt":{"rendered":"<p>Nom Match vun eiser H\u00e4renekipp den 21.1, huet de Comit\u00e9 vum Black Star 2 ganz ale Compagnon\u00a0de Route\u00a0vum Black Star Merci gesot. De Romain Besenius an d\u2019Marcy Dahm-Besenius hu w\u00e9i kee aneren an de leschten\u00a018 Joer de Ver\u00e4i\u00a0mat op hire Sch\u00ebllere gedroen. De Romain an d\u2019Marcy hunn eng laang Karri\u00e4r am Basket, mat Statiounen zu Dikrech, an der Fiels an zu Hiefenech&nbsp;ier se op Miersch komm sinn. Alleb\u00e9id sinn\u00a0si\u00a02004 bei de Black Star komm a s\u00e4it\u00a0dem waren se an alle Funktiounen\u00a0aktiv. De Romain Besenius war 2004 an 2008 Jugendtrainer an de verschiddene\u00a0Kategorien. An der Saison 2008-2009 war hien Assistant Coach<a href=\"https:\/\/blackstar-mersch.lu\/?page_id=4836\">&nbsp;&nbsp;[ Read More ]<\/a><\/p>\n","protected":false},"author":2,"featured_media":0,"parent":0,"menu_order":0,"comment_status":"closed","ping_status":"closed","template":"","meta":{"ngg_post_thumbnail":0},"_links":{"self":[{"href":"https:\/\/blackstar-mersch.lu\/index.php?rest_route=\/wp\/v2\/pages\/4836"}],"collection":[{"href":"https:\/\/blackstar-mersch.lu\/index.php?rest_route=\/wp\/v2\/pages"}],"about":[{"href":"https:\/\/blackstar-mersch.lu\/index.php?rest_route=\/wp\/v2\/types\/page"}],"author":[{"embeddable":true,"href":"https:\/\/blackstar-mersch.lu\/index.php?rest_route=\/wp\/v2\/users\/2"}],"replies":[{"embeddable":true,"href":"https:\/\/blackstar-mersch.lu\/index.php?rest_route=%2Fwp%2Fv2%2Fcomments&post=4836"}],"version-history":[{"count":15,"href":"https:\/\/blackstar-mersch.lu\/index.php?rest_route=\/wp\/v2\/pages\/4836\/revisions"}],"predecessor-version":[{"id":4854,"href":"https:\/\/blackstar-mersch.lu\/index.php?rest_route=\/wp\/v2\/pages\/4836\/revisions\/4854"}],"wp:attachment":[{"href":"https:\/\/blackstar-mersch.lu\/index.php?rest_route=%2Fwp%2Fv2%2Fmedia&parent=4836"}],"curies":[{"name":"wp","href":"https:\/\/api.w.org\/{rel}","templated":true}]}}